{"id":7729,"date":"2024-10-17T20:22:53","date_gmt":"2024-10-17T20:22:53","guid":{"rendered":"https:\/\/dev1.micro-esthetique.com\/?post_type=product&#038;p=7729"},"modified":"2025-06-11T14:22:44","modified_gmt":"2025-06-11T18:22:44","slug":"masque-detoxifiant-luzern","status":"publish","type":"product","link":"https:\/\/dev1.micro-esthetique.com\/en\/produit\/masque-detoxifiant-luzern\/","title":{"rendered":"Masque d\u00e9toxifiant Luzern"},"content":{"rendered":"<p>Masque d\u00e9toxifiant Luzern<\/p>\n<p>Ce masque nettoyant en profondeur est parfait pour chouchouter votre peau apr\u00e8s une journ\u00e9e bien remplie en ville. La peau para\u00eet purifi\u00e9e, fra\u00eeche et \u00e9clatante.<\/p>\n<p>Pour tous les types de peaux<\/p>\n<p>Pour utiliser comme nettoyant: Appliquer sur la peau et masser doucement pendant 2 minutes, en \u00e9vitant le contour des yeux. Rincez abondamment \u00e0 l&#8217;eau ti\u00e8de et\/ou avec un gant de toilette. En cas d&#8217;irritation, cesser imm\u00e9diatement l&#8217;utilisation. Suivez avec L&#8217;Essence.<\/p>\n<p>Utilisation en masque: Appliquer sur une peau nettoy\u00e9e, laissez poser 10 minutes en \u00e9vitant le contour des yeux. Rincez abondamment \u00e0 l&#8217;eau ti\u00e8de et\/ou avec un gant de toilette.En cas d&#8217;irritation, cesser imm\u00e9diatement l&#8217;utilisation. Suivez avec L&#8217;Essence.<\/p>\n","protected":false},"excerpt":{"rendered":"<p>Masque d\u00e9toxifiant Luzern Ce masque nettoyant en profondeur est parfait pour chouchouter votre peau apr\u00e8s une journ\u00e9e bien remplie en ville. La peau para\u00eet purifi\u00e9e, fra\u00eeche et \u00e9clatante. Pour tous les types de peaux Pour utiliser comme nettoyant: Appliquer sur la peau et masser doucement pendant 2 minutes, en \u00e9vitant le contour des yeux. Rincez [&hellip;]<\/p>\n","protected":false},"featured_media":7763,"comment_status":"closed","ping_status":"closed","template":"","meta":{"_acf_changed":false},"product_cat":[21,51,61,54,57,66,63],"product_tag":[],"class_list":{"0":"post-7729","1":"product","2":"type-product","3":"status-publish","4":"has-post-thumbnail","6":"product_cat-uncategorized","7":"product_cat-marques","8":"product_cat-luzern","9":"product_cat-imperfections","10":"product_cat-exfoliants","11":"product_cat-masques","12":"product_cat-nettoyants","14":"first","15":"instock","16":"taxable","17":"shipping-taxable","18":"purchasable","19":"product-type-simple"},"acf":[],"_links":{"self":[{"href":"https:\/\/dev1.micro-esthetique.com\/en\/wp-json\/wp\/v2\/product\/7729","targetHints":{"allow":["GET"]}}],"collection":[{"href":"https:\/\/dev1.micro-esthetique.com\/en\/wp-json\/wp\/v2\/product"}],"about":[{"href":"https:\/\/dev1.micro-esthetique.com\/en\/wp-json\/wp\/v2\/types\/product"}],"replies":[{"embeddable":true,"href":"https:\/\/dev1.micro-esthetique.com\/en\/wp-json\/wp\/v2\/comments?post=7729"}],"wp:featuredmedia":[{"embeddable":true,"href":"https:\/\/dev1.micro-esthetique.com\/en\/wp-json\/wp\/v2\/media\/7763"}],"wp:attachment":[{"href":"https:\/\/dev1.micro-esthetique.com\/en\/wp-json\/wp\/v2\/media?parent=7729"}],"wp:term":[{"taxonomy":"product_cat","embeddable":true,"href":"https:\/\/dev1.micro-esthetique.com\/en\/wp-json\/wp\/v2\/product_cat?post=7729"},{"taxonomy":"product_tag","embeddable":true,"href":"https:\/\/dev1.micro-esthetique.com\/en\/wp-json\/wp\/v2\/product_tag?post=7729"}],"curies":[{"name":"wp","href":"https:\/\/api.w.org\/{rel}","templated":true}]}}