{"id":10179,"date":"2024-11-20T14:30:22","date_gmt":"2024-11-20T18:30:22","guid":{"rendered":"https:\/\/dev1.micro-esthetique.com\/?post_type=product&#038;p=10179"},"modified":"2024-12-02T16:43:20","modified_gmt":"2024-12-02T20:43:20","slug":"g-m-collin-puractive-creme","status":"publish","type":"product","link":"https:\/\/dev1.micro-esthetique.com\/en\/produit\/g-m-collin-puractive-creme\/","title":{"rendered":"G.M. COLLIN Puractive Cr\u00e8me"},"content":{"rendered":"<p>Cr\u00e8me l\u00e9g\u00e8re et non grasse. Matifie la peau toute la journ\u00e9e et resserre les pores dilat\u00e9s. Redonne un nouvel \u00e9clat au teint et affine le grain de la peau.<br \/>\nPour Peau normale \u00e0 grasse.<\/p>\n","protected":false},"excerpt":{"rendered":"<p>Cr\u00e8me l\u00e9g\u00e8re et non grasse. Matifie la peau toute la journ\u00e9e et resserre les pores dilat\u00e9s. Redonne un nouvel \u00e9clat au teint et affine le grain de la peau. Pour Peau normale \u00e0 grasse.<\/p>\n","protected":false},"featured_media":10315,"comment_status":"open","ping_status":"closed","template":"","meta":{"_acf_changed":false},"product_cat":[141,55],"product_tag":[],"class_list":{"0":"post-10179","1":"product","2":"type-product","3":"status-publish","4":"has-post-thumbnail","6":"product_cat-g-m-collin","7":"product_cat-cremes","9":"first","10":"instock","11":"taxable","12":"shipping-taxable","13":"purchasable","14":"product-type-simple"},"acf":[],"_links":{"self":[{"href":"https:\/\/dev1.micro-esthetique.com\/en\/wp-json\/wp\/v2\/product\/10179","targetHints":{"allow":["GET"]}}],"collection":[{"href":"https:\/\/dev1.micro-esthetique.com\/en\/wp-json\/wp\/v2\/product"}],"about":[{"href":"https:\/\/dev1.micro-esthetique.com\/en\/wp-json\/wp\/v2\/types\/product"}],"replies":[{"embeddable":true,"href":"https:\/\/dev1.micro-esthetique.com\/en\/wp-json\/wp\/v2\/comments?post=10179"}],"wp:featuredmedia":[{"embeddable":true,"href":"https:\/\/dev1.micro-esthetique.com\/en\/wp-json\/wp\/v2\/media\/10315"}],"wp:attachment":[{"href":"https:\/\/dev1.micro-esthetique.com\/en\/wp-json\/wp\/v2\/media?parent=10179"}],"wp:term":[{"taxonomy":"product_cat","embeddable":true,"href":"https:\/\/dev1.micro-esthetique.com\/en\/wp-json\/wp\/v2\/product_cat?post=10179"},{"taxonomy":"product_tag","embeddable":true,"href":"https:\/\/dev1.micro-esthetique.com\/en\/wp-json\/wp\/v2\/product_tag?post=10179"}],"curies":[{"name":"wp","href":"https:\/\/api.w.org\/{rel}","templated":true}]}}